{"id":8438,"date":"2023-02-10T14:50:18","date_gmt":"2023-02-10T14:50:18","guid":{"rendered":"https:\/\/megapets.eu\/szabalyzat\/"},"modified":"2025-06-25T07:52:02","modified_gmt":"2025-06-25T07:52:02","slug":"szabalyzat","status":"publish","type":"page","link":"https:\/\/megapets.eu\/hu\/szabalyzat\/","title":{"rendered":"Szab\u00e1lyzat"},"content":{"rendered":"<p>Tisztelt V\u00e1s\u00e1rl\u00f3ink, az Internetes \u00dczlet\u00fcnk \u00e1ltal ny\u00fajtott szolg\u00e1ltat\u00e1sok min\u0151s\u00e9g\u00e9re \u00fcgyelve elk\u00e9sz\u00edtett\u00fck a <a href=\"http:\/\/www.megapets.eu\">www.megapets.eu<\/a> domain c\u00edmen tal\u00e1lhat\u00f3 MegaPets Internetes \u00dczlet haszn\u00e1lat\u00e1ra vonatkoz\u00f3 Szab\u00e1lyzatot, a tov\u00e1bbiakban &#8222;Szab\u00e1lyzat\u201e.<span class=\"Apple-converted-space\"> <\/span><\/p>\n<p><b>A Szab\u00e1lyzat tartalmazza az Internetes \u00dczlet m\u0171k\u00f6d\u00e9s\u00e9re vonatkoz\u00f3 szab\u00e1lyokat \u00e9s az Elad\u00f3 \u00e1ltal k\u00edn\u00e1lt term\u00e9kek \u00e9s \u00e1llatok Internetes \u00dczletben t\u00f6rt\u00e9n\u0151 megrendel\u00e9s\u00e9hez sz\u00fcks\u00e9ges inform\u00e1ci\u00f3kat. Tekintettel arra, hogy a jelen web\u00e1ruh\u00e1zban az \u00e9rt\u00e9kes\u00edt\u00e9s t\u00e1rgy\u00e1t t\u00f6bbek k\u00f6z\u00f6tt \u00e1llatok k\u00e9pezik, az Elad\u00f3 k\u00e9ri, hogy az \u00e1llatok v\u00e9delme \u00e9rdek\u00e9ben e tekintetben felel\u0151s d\u00f6nt\u00e9seket hozzon.<span class=\"Apple-converted-space\"> <\/span><\/b><\/p>\n<p>A Szab\u00e1lyzat a 2014. m\u00e1jus 30-i fogyaszt\u00f3v\u00e9delmi t\u00f6rv\u00e9ny, az elektronikus szolg\u00e1ltat\u00e1sok ny\u00fajt\u00e1s\u00e1r\u00f3l sz\u00f3l\u00f3 2002. j\u00falius 18-i t\u00f6rv\u00e9ny, a Polg\u00e1ri T\u00f6rv\u00e9nyk\u00f6nyv \u00e9s az Eur\u00f3pai Parlament \u00e9s a Tan\u00e1cs szem\u00e9lyes adatok v\u00e9delm\u00e9r\u0151l sz\u00f3l\u00f3 2016. \u00e1prilis 27-i \u00e1ltal\u00e1nos rendelete alapj\u00e1n k\u00e9sz\u00fclt.<span class=\"Apple-converted-space\"> <\/span><\/p>\n<p>Javasoljuk, hogy a megrendel\u00e9s lead\u00e1sa el\u0151tt olvassa el a teljes szerz\u0151d\u00e9si felt\u00e9teleket.<span class=\"Apple-converted-space\"> <\/span><\/p>\n<p><b>\u00a71 FOGALOMT\u00c1R<\/b><\/p>\n<p>Az \u00c1ltal\u00e1nos Szerz\u0151d\u00e9si Felt\u00e9telekben a k\u00f6vetkez\u0151 fogalmakat haszn\u00e1ltuk, amelyek az al\u00e1bbiak szerint \u00e9rtend\u0151k:<\/p>\n<ol>\n<li style=\"list-style-type: none;\">\n<ol>\n<li><b>Szem\u00e9lyes adatok\u00e9rt felel\u0151s<\/b> &#8211; a szem\u00e9lyes adatok kezel\u00e9s\u00e9nek c\u00e9ljair\u00f3l \u00e9s eszk\u00f6zeir\u0151l d\u00f6nt\u0151 hat\u00f3s\u00e1g, szervezeti egys\u00e9g, szervezet vagy szem\u00e9ly, az 1997. augusztus 29-i szem\u00e9lyes adatok v\u00e9delm\u00e9r\u0151l sz\u00f3l\u00f3 t\u00f6rv\u00e9ny 7. cikk\u00e9nek (4) bekezd\u00e9s\u00e9ben meghat\u00e1rozottak szerint;<\/li>\n<li><b>E-mail c\u00edm<\/b> &#8211; a web\u00e1ruh\u00e1z e-mail c\u00edme, azaz: . <a href=\"mailto:contact@megapets.eu\">contact@megapets.eu<\/a><\/li>\n<li><b>Vev\u0151<\/b> &#8211; az a term\u00e9szetes szem\u00e9ly, jogi szem\u00e9ly \u00e9s jogi szem\u00e9lynek nem min\u0151s\u00fcl\u0151 szervezeti egys\u00e9g, amely sz\u00e1m\u00e1ra k\u00fcl\u00f6n jogszab\u00e1lyok jogk\u00e9pess\u00e9get biztos\u00edtanak, \u00e9s amely a Web\u00e1ruh\u00e1zban megrendel\u00e9st ad le vagy sz\u00e1nd\u00e9kozik leadni; <span class=\"Apple-converted-space\"> <\/span><\/li>\n<li><b>Kos\u00e1r<\/b> &#8211; a Web\u00e1ruh\u00e1znak a Vev\u0151 sz\u00e1m\u00e1ra egyedileg el\u00e9rhet\u0151v\u00e9 tett ter\u00fclete, ahol a Vev\u0151 \u00f6sszegy\u0171jtheti az aktu\u00e1lis v\u00e1s\u00e1rl\u00e1saival kapcsolatos sz\u00fcks\u00e9ges inform\u00e1ci\u00f3kat \u00e9s a leadott megrendel\u00e9s adatait.<span class=\"Apple-converted-space\"> <\/span><\/li>\n<li><b>\u00c9rtes\u00edt\u00e9s<\/b> &#8211; a Vev\u0151nek a Web\u00e1ruh\u00e1zban a Megrendel\u0151lap kit\u00f6lt\u00e9se sor\u00e1n megadott e-mail c\u00edm\u00e9re k\u00fcld\u00f6tt, konkr\u00e9t inform\u00e1ci\u00f3kat tartalmaz\u00f3 elektronikus \u00fczenet.<span class=\"Apple-converted-space\"> <\/span><\/li>\n<li><b>Term\u00e9k<\/b> &#8211; a Web\u00e1ruh\u00e1z k\u00edn\u00e1lat\u00e1ban el\u00e9rhet\u0151 ing\u00f3s\u00e1g vagy \u00e1llat, amely a Vev\u0151 \u00e9s az Elad\u00f3 k\u00f6z\u00f6tti ad\u00e1sv\u00e9teli szerz\u0151d\u00e9s t\u00e1rgy\u00e1t k\u00e9pezi.<\/li>\n<li><b>Web\u00e1ruh\u00e1z<\/b> &#8211; az Elad\u00f3 \u00e1ltal \u00fczemeltetett Web\u00e1ruh\u00e1z, ahol a Vev\u0151k az Elad\u00f3 \u00e1ltal k\u00edn\u00e1lt Term\u00e9keket az interneten kereszt\u00fcl (elektronikus \u00faton) v\u00e1s\u00e1rolhatj\u00e1k meg.<span class=\"Apple-converted-space\"> <\/span><\/li>\n<li><b>Elad\u00f3<\/b> &#8211; az Elad\u00f3 \u00e9s az Web\u00e1ruh\u00e1z tulajdonosa a <b>MegaPets Serhii Bondariuk<\/b><span class=\"Apple-converted-space\"> <\/span><b> <\/b>, sz\u00e9khelye: MA\u0141OPOLSKIE vajdas\u00e1g, Krakowski poviat, Skawina municipality, loc. Skawina, ul. Lipowa, nr. 5a, lok. 2, 32-050, NIP 9442289433, tel. 796965220.<span class=\"Apple-converted-space\"> <\/span><\/li>\n<li><b><\/b> <b> Ad\u00e1sv\u00e9teli szerz\u0151d\u00e9s<\/b> &#8211; az Elad\u00f3 \u00e9s a Vev\u0151 k\u00f6z\u00f6tt t\u00e1volr\u00f3l k\u00f6t\u00f6tt szerz\u0151d\u00e9s, amelynek t\u00e1rgya az Internetes \u00dczlet \u00e1ltal k\u00edn\u00e1lt Term\u00e9kek megv\u00e1s\u00e1rl\u00e1sa, amely a Vev\u0151 egyedi megrendel\u00e9s\u00e9re k\u00e9zzel t\u00f6rt\u00e9nik.<span class=\"Apple-converted-space\"> <\/span><\/li>\n<li><b>Megrendel\u00e9s<\/b> &#8211; a Vev\u0151 sz\u00e1nd\u00e9knyilatkozata, amely k\u00f6zvetlen\u00fcl az Ad\u00e1sv\u00e9teli szerz\u0151d\u00e9s megk\u00f6t\u00e9s\u00e9re ir\u00e1nyul, \u00e9s amelyben a Vev\u0151 meghat\u00e1rozza annak r\u00e9szleteit. <span class=\"Apple-converted-space\"> <\/span><\/li>\n<\/ol>\n<\/li>\n<\/ol>\n<p><b>2. \u00a7 \u00c1LTAL\u00c1NOS RENDELKEZ\u00c9SEK<\/b><\/p>\n<ol>\n<li>Az Elad\u00f3 a Vev\u0151 \u00e1ltal az Internetes \u00e1ruh\u00e1z haszn\u00e1lata sor\u00e1n megadott szem\u00e9lyes adatok kezel\u0151je.<span class=\"Apple-converted-space\"> <\/span><\/li>\n<li>Az Elad\u00f3 \u00e1ltal alkalmazott szem\u00e9lyes adatok v\u00e9delm\u00e9nek m\u00f3dszereir\u0151l az Adatv\u00e9delmi szab\u00e1lyzatban tal\u00e1lhat\u00f3 inform\u00e1ci\u00f3, amely a jelen \u00c1ltal\u00e1nos Szerz\u0151d\u00e9si Felt\u00e9telek 1. sz\u00e1m\u00fa mell\u00e9klet\u00e9t k\u00e9pezi.<span class=\"Apple-converted-space\"> <\/span><\/li>\n<li>Az Online \u00e1ruh\u00e1z weboldal\u00e1n tal\u00e1lhat\u00f3, a term\u00e9kekre vonatkoz\u00f3 valamennyi inform\u00e1ci\u00f3 (bele\u00e9rtve az \u00e1rakat is) nem min\u0151s\u00fcl aj\u00e1nlatnak a Polg\u00e1ri T\u00f6rv\u00e9nyk\u00f6nyv 1964. \u00e1prilis 23-i 66. cikke (azaz a 2020. \u00e9vi CXXVIII. t\u00f6rv\u00e9nycikk 1740. pontja, m\u00f3dos\u00edtott v\u00e1ltozata) \u00e9rtelm\u00e9ben, hanem a Polg\u00e1ri T\u00f6rv\u00e9nyk\u00f6nyv 1964. \u00e1prilis 23-i 71. cikke (azaz a 2020. \u00e9vi CXXVIII. t\u00f6rv\u00e9nycikk 1740. pontja, m\u00f3dos\u00edtott v\u00e1ltozata) szerinti, szerz\u0151d\u00e9sk\u00f6t\u00e9sre val\u00f3 felh\u00edv\u00e1snak. A Megrendel\u0151lap elk\u00fcld\u00e9s\u00e9vel a Vev\u0151 aj\u00e1nlatot tesz a megjel\u00f6lt \u00c1ruk megv\u00e1s\u00e1rl\u00e1s\u00e1ra a le\u00edr\u00e1sban meghat\u00e1rozott \u00e1ron \u00e9s felt\u00e9telekkel.<\/li>\n<li><b><\/b>A Web\u00e1ruh\u00e1z haszn\u00e1lat\u00e1hoz, bele\u00e9rtve a Web\u00e1ruh\u00e1z v\u00e1laszt\u00e9k\u00e1nak b\u00f6ng\u00e9sz\u00e9s\u00e9t \u00e9s a Term\u00e9kek megrendel\u00e9s\u00e9t, sz\u00fcks\u00e9ges egy internet-hozz\u00e1f\u00e9r\u00e9ssel rendelkez\u0151 v\u00e9gberendez\u00e9s \u00e9s egy internetb\u00f6ng\u00e9sz\u0151, egy billenty\u0171zet vagy m\u00e1s, az elektronikus \u0171rlapok megfelel\u0151 kit\u00f6lt\u00e9s\u00e9t lehet\u0151v\u00e9 tev\u0151 mutat\u00f3s eszk\u00f6z, amely sz\u00fcks\u00e9ges a Megrendel\u00e9s helyes lead\u00e1s\u00e1hoz, egy akt\u00edv elektronikus levelez\u00e9si (e-mail) fi\u00f3k \u00e9s a cookie-k enged\u00e9lyez\u00e9se.<span class=\"Apple-converted-space\"> <\/span><\/li>\n<\/ol>\n<p><b>\u00a73 REGISZTR\u00c1CI\u00d3 \u00c9S MEGRENDEL\u00c9S MEGAD\u00c1S\u00c1RA VONATKOZ\u00d3 SZAB\u00c1LYOK<span class=\"Apple-converted-space\"> <\/span><\/b><\/p>\n<ol>\n<li>A v\u00e1s\u00e1rl\u00e1s az Online \u00e1ruh\u00e1zban V\u00e1s\u00e1rl\u00f3i fi\u00f3k regisztr\u00e1l\u00e1sa n\u00e9lk\u00fcl is lehets\u00e9ges. Az Elad\u00f3 azonban arra \u00f6szt\u00f6nzi a v\u00e1s\u00e1rl\u00e1sokat, hogy a regisztr\u00e1ci\u00f3val (fi\u00f3k l\u00e9trehoz\u00e1s\u00e1val) egy\u00fctt t\u00f6rt\u00e9njen a v\u00e1s\u00e1rl\u00e1s. A regisztr\u00e1ci\u00f3 az els\u0151 megrendel\u00e9s lead\u00e1sakor t\u00f6rt\u00e9nik a megrendel\u0151lapon a FELSZERZ\u00c9S? opci\u00f3 kiv\u00e1laszt\u00e1s\u00e1val.<span class=\"Apple-converted-space\"> <\/span><\/li>\n<li>A V\u00e1s\u00e1rl\u00f3i fi\u00f3k adatainak kit\u00f6lt\u00e9sekor a Vev\u0151 k\u00f6teles megadni a helyes adatait. Harmadik szem\u00e9lyek adatainak megad\u00e1sa tilos.<\/li>\n<li>. A megrendel\u00e9s lead\u00e1sa a h\u00e9t 7 napj\u00e1n, a nap 24 \u00f3r\u00e1j\u00e1ban t\u00f6rt\u00e9nik.<\/li>\n<li>. A megrendel\u00e9s lead\u00e1s\u00e1hoz a Vev\u0151nek el\u0151sz\u00f6r ki kell v\u00e1lasztania az Elad\u00f3 k\u00edn\u00e1lat\u00e1b\u00f3l az \u0151t \u00e9rdekl\u0151 Term\u00e9ket, megadva annak param\u00e9tereit, majd a kiv\u00e1lasztott Term\u00e9ket a kos\u00e1rba helyezni a KOS\u00c1RBA T\u00c9TEL gombra kattintva. Erre a gombra kattintva a Term\u00e9k a kos\u00e1rba ker\u00fcl, majd a Vev\u0151nek lehet\u0151s\u00e9ge van a v\u00e1s\u00e1rl\u00e1s folytat\u00e1s\u00e1ra.<span class=\"Apple-converted-space\"> <\/span><\/li>\n<li>A Vev\u0151 a Web\u00e1ruh\u00e1zban t\u00f6rt\u00e9n\u0151 v\u00e1s\u00e1rl\u00e1s befejez\u00e9s\u00e9hez a Web\u00e1ruh\u00e1z jobb fels\u0151 sark\u00e1ban el\u00e9rhet\u0151 ikonra kattintva bel\u00e9p a kos\u00e1rba.<span class=\"Apple-converted-space\"> <\/span><\/li>\n<li>A kos\u00e1rba bel\u00e9p\u00e9st k\u00f6vet\u0151en a Vev\u0151 a Megrendel\u00e9s \u0171rlapra ker\u00fcl, amelyet az \u0171rlapon el\u0151\u00edrt adatok megad\u00e1s\u00e1val \u00e9s a sz\u00fcks\u00e9ges sz\u00e1nd\u00e9knyilatkozatok megt\u00e9tel\u00e9vel kell kit\u00f6lteni. A bek\u00fcld\u00e9s v\u00e9gleges meger\u0151s\u00edt\u00e9se a Megrendel\u0151lapon el\u00e9rhet\u0151 <b>BUY AND PAY <\/b>gombra kattintva t\u00f6rt\u00e9nik.<span class=\"Apple-converted-space\"> <\/span><\/li>\n<li>Az Internetes \u00dczlet weboldal\u00e1n tal\u00e1lhat\u00f3, term\u00e9kekre vonatkoz\u00f3 valamennyi inform\u00e1ci\u00f3 (bele\u00e9rtve az \u00e1rakat is) nem min\u0151s\u00fcl aj\u00e1nlatnak az Art. a Polg\u00e1ri T\u00f6rv\u00e9nyk\u00f6nyv 1964. \u00e1prilis 23-i 66. cikke (azaz a 2020. \u00e9vi CXCII, 1740. sz\u00e1m, m\u00f3dos\u00edtott v\u00e1ltozat) \u00e9rtelm\u00e9ben, hanem a Polg\u00e1ri T\u00f6rv\u00e9nyk\u00f6nyv 1964. \u00e1prilis 23-i 71. cikke (azaz a 2020. \u00e9vi CXCII, 1740. sz\u00e1m, m\u00f3dos\u00edtott v\u00e1ltozat) \u00e9rtelm\u00e9ben szerz\u0151d\u00e9sk\u00f6t\u00e9sre val\u00f3 felh\u00edv\u00e1s. A Vev\u0151 a megrendel\u0151lap elk\u00fcld\u00e9s\u00e9vel aj\u00e1nlatot tesz a megjel\u00f6lt \u00e1ru megv\u00e1s\u00e1rl\u00e1s\u00e1ra a le\u00edr\u00e1sban meghat\u00e1rozott \u00e1ron \u00e9s felt\u00e9telekkel.<\/li>\n<li>Abban az esetben, ha a megrendel\u00e9s t\u00e1rgya gerinctelen \u00e1llat (csiga) lesz, az Elad\u00f3 felk\u00e9ri \u00e9s \u00f6szt\u00f6nzi a Vev\u0151t, hogy olvassa el az ilyen t\u00edpus\u00fa \u00e1llatok gondoz\u00e1s\u00e1nak szab\u00e1lyair\u00f3l sz\u00f3l\u00f3 t\u00e1j\u00e9koztat\u00f3t, amely a <a href=\"http:\/\/www.megapets.eu\">www.megapets.eu<\/a> weboldalon \u00e9rhet\u0151 el. Abban az esetben, ha tov\u00e1bbi inform\u00e1ci\u00f3ra vagy \u00fatmutat\u00e1sra van sz\u00fcks\u00e9g, az Elad\u00f3 b\u00e1tor\u00edtja a k\u00f6zvetlen kapcsolatfelv\u00e9telt a <a href=\"mailto:contact@magapets.eu\">contact@magapets.eu<\/a> c\u00edmen.<span class=\"Apple-converted-space\"> <\/span><\/li>\n<\/ol>\n<p><b>\u00a74 FIZET\u00c9S \u00c9S SZ\u00c1LL\u00cdT\u00c1S<\/b><\/p>\n<ol>\n<li>A megv\u00e1s\u00e1rolt term\u00e9kek kifizet\u00e9se a Vev\u0151 v\u00e1laszt\u00e1sa szerint a k\u00f6vetkez\u0151 m\u00f3dok egyik\u00e9vel t\u00f6rt\u00e9nhet:<span class=\"Apple-converted-space\"> <\/span>\n<ol>\n<li>fizet\u00e9s banki \u00e1tutal\u00e1ssal az Elad\u00f3 sz\u00e1ml\u00e1j\u00e1ra;<span class=\"Apple-converted-space\"> <\/span><\/li>\n<li>a stripe fizet\u00e9si rendszeren kereszt\u00fcl.com fizet\u00e9si rendszer (r\u00e9szletek a https:\/\/stripe.com\/en-pl oldalon)<\/li>\n<\/ol>\n<\/li>\n<li><b>. Ha a Vev\u0151 olyan megrendel\u00e9st ad le, amelynek t\u00e1rgya gerinctelen \u00e1llatok (rovarok \u00e9s csig\u00e1k), az Elad\u00f3 a Term\u00e9k kisz\u00e1ll\u00edt\u00e1s\u00e1t az Elad\u00f3 telephely\u00e9n t\u00f6rt\u00e9n\u0151 szem\u00e9lyes \u00e1tv\u00e9tel \u00fatj\u00e1n r\u00e9szes\u00edti el\u0151nyben. A Vev\u0151 k\u00e9r\u00e9s\u00e9re az Elad\u00f3 a kisz\u00e1ll\u00edt\u00e1st csomagk\u00fcld\u00e9ssel v\u00e9gzi a pontban meghat\u00e1rozott form\u00e1ban. 3. pontban meghat\u00e1rozottak szerint. Felh\u00edvjuk azonban a figyelmet arra, hogy a megrendel\u00e9s t\u00e1rgya \u00e9l\u0151l\u00e9ny\/gerinctelen \u00e1llat, amelynek sz\u00e1ll\u00edt\u00e1sa nem c\u00e9lszer\u0171.<span class=\"Apple-converted-space\"> <\/span><\/b><\/li>\n<li>A megv\u00e1s\u00e1rolt Term\u00e9kek kisz\u00e1ll\u00edt\u00e1s\u00e1t a Vev\u0151 k\u00e9r\u00e9s\u00e9re k\u00fcls\u0151 fuvaroz\u00f3\/fut\u00e1rc\u00e9g, pl. Inpost\/DHL v\u00e9gzi;<span class=\"Apple-converted-space\"> <\/span><\/li>\n<li>Az egyes Term\u00e9kek sz\u00e1ll\u00edt\u00e1si ideje elt\u00e9r\u0151 lehet. A rendel\u00e9s el\u0151k\u00e9sz\u00edt\u00e9s\u00e9nek \u00e1tlagos ideje a sz\u00e1ll\u00edt\u00e1sra legfeljebb 5 munkanap, a Megrendel\u00e9s kifizet\u00e9s\u00e9nek j\u00f3v\u00e1\u00edr\u00e1s\u00e1t\u00f3l sz\u00e1m\u00edtva. Kiv\u00e9teles esetben az \u00e1ruk felad\u00e1s\u00e1ra 10 munkanap ut\u00e1n ker\u00fcl sor. <span class=\"Apple-converted-space\"> <\/span><\/li>\n<li>A megrendel\u00e9s teljes\u00edt\u00e9s\u00e9r\u0151l \u00e9s a sz\u00e1ll\u00edt\u00e1sr\u00f3l a V\u00e1s\u00e1rl\u00f3t a regisztr\u00e1ci\u00f3kor vagy a megrendel\u00e9s lead\u00e1sakor megadott e-mail c\u00edmre k\u00fcld\u00f6tt megfelel\u0151 \u00fczenetben \u00e9rtes\u00edtj\u00fck.<\/li>\n<\/ol>\n<ol start=\"6\">\n<li>A k\u00fcldem\u00e9ny \u00e1tv\u00e9telekor a V\u00e1s\u00e1rl\u00f3t arra k\u00e9rj\u00fck, hogy a fuvaroz\u00f3\/sz\u00e1ll\u00edt\u00f3 jelenl\u00e9t\u00e9ben gondosan ellen\u0151rizze a k\u00fcldem\u00e9ny tartalm\u00e1nak teljess\u00e9g\u00e9t, a k\u00fcls\u0151 csomagol\u00e1s \u00e1llapot\u00e1t \u00e9s a megrendelt Term\u00e9k \u00e1llapot\u00e1t.<span class=\"Apple-converted-space\">  <\/span>Amennyiben a csomag csomagol\u00e1sa s\u00e9r\u00fcl\u00e9s jeleit mutatja, a csomagot nem szabad \u00e1tvenni, illetve a fut\u00e1rnak fel kell bontania a csomagot, esetleg s\u00e9r\u00fcl\u00e9si jegyz\u0151k\u00f6nyvet kell felvenni \u00e9s a s\u00e9r\u00fcl\u00e9seket fot\u00f3kkal vagy vide\u00f3val dokument\u00e1lni, majd a lehet\u0151 leghamarabb kapcsolatba kell l\u00e9pni az Elad\u00f3val az \u00fcgy tiszt\u00e1z\u00e1sa \u00e9rdek\u00e9ben. Ez lehet\u0151v\u00e9 teszi a probl\u00e9ma azonnali megold\u00e1s\u00e1t.<span class=\"Apple-converted-space\"> <\/span><\/li>\n<\/ol>\n<p><b>5. \u00a7. REKL\u00c1MOK<span class=\"Apple-converted-space\"> <\/span><\/b><\/p>\n<ol>\n<li>Az Elad\u00f3 a 2014. m\u00e1jus 30-i fogyaszt\u00f3i jogokr\u00f3l sz\u00f3l\u00f3 t\u00f6rv\u00e9ny, az 1964. \u00e1prilis 23-i polg\u00e1ri t\u00f6rv\u00e9nyk\u00f6nyvr\u0151l sz\u00f3l\u00f3 t\u00f6rv\u00e9ny \u00e9s a fogyaszt\u00e1si cikkek ad\u00e1sv\u00e9tel\u00e9nek \u00e9s a kapcsol\u00f3d\u00f3 garanci\u00e1knak egyes vonatkoz\u00e1sair\u00f3l sz\u00f3l\u00f3, 1999. m\u00e1jus 25-i 1999\/44\/EK ir\u00e1nyelvben foglalt szab\u00e1lyok szerint felel a Vev\u0151vel szemben, ha az eladott dolog fizikai vagy jogi hib\u00e1val (j\u00f3t\u00e1ll\u00e1s) rendelkezik. Az Elad\u00f3 a Fogyaszt\u00f3val szemben a Term\u00e9k szerz\u0151d\u00e9sszer\u0171s\u00e9g\u00e9\u00e9rt a fogyaszt\u00f3v\u00e9delmi t\u00f6rv\u00e9nyb\u0151l ered\u0151 felt\u00e9telek szerint, m\u00edg a V\u00e1llalkoz\u00f3kkal szemben a Term\u00e9k hib\u00e1j\u00e1\u00e9rt a Polg\u00e1ri T\u00f6rv\u00e9nyk\u00f6nyvb\u0151l \u00e9s egy\u00e9b vonatkoz\u00f3 jogszab\u00e1lyi rendelkez\u00e9sekb\u0151l ered\u0151 felt\u00e9telek szerint, valamint a jelen Szab\u00e1lyzat alapj\u00e1n felel.<\/li>\n<li>Olyan megrendel\u00e9s lead\u00e1sa eset\u00e9n, amelynek t\u00e1rgya gerinces \u00e1llat (csiga) \u00e9s a k\u00fcldem\u00e9ny kiv\u00e1laszt\u00e1sa a pontban eml\u00edtettek szerint. 3. pontban foglaltak szerint, az Elad\u00f3 t\u00e1j\u00e9koztatja, hogy a csiga \u00e9lettani fel\u00e9p\u00edt\u00e9s\u00e9b\u0151l ad\u00f3d\u00f3an az \u00faj h\u00e9j n\u00f6veked\u00e9se term\u00e9szet\u00e9n\u00e9l fogva puha \u00e9s \u00e9rz\u00e9keny. Emiatt a n\u00f6veked\u00e9s <b>s\u00e9r\u00fclhet<\/b>\/ s\u00e9r\u00fclt<b> <\/b>(a n\u00f6veked\u00e9s a csiga teste \u00e1ltal megragadva, a tart\u00e1ly fal\u00e1hoz er\u0151sen tapadva stb.). Ez azonban nem min\u0151s\u00fcl a term\u00e9k hib\u00e1j\u00e1nak, hanem a term\u00e9szetben gyakran el\u0151fordul\u00f3 jelens\u00e9g.<span class=\"Apple-converted-space\"> <\/span><\/li>\n<li>Minden Vev\u0151nek joga van reklam\u00e1ci\u00f3t beny\u00fajtani. E jog gyakorl\u00e1sa sor\u00e1n a Vev\u0151t arra k\u00e9rj\u00fck, hogy pontosan \u00edrja le a term\u00e9kben el\u0151fordul\u00f3 hib\u00e1t.<span class=\"Apple-converted-space\"> <\/span><\/li>\n<li><b>Az Elad\u00f3 a megrendel\u00e9sek megb\u00edzhat\u00f3 teljes\u00edt\u00e9se \u00e9rdek\u00e9ben felh\u00edvja a figyelmet arra, hogy a term\u00e9kek sz\u00edn\u00e9ben elt\u00e9r\u00e9sek lehetnek, amelyek a k\u00e9sz\u00fcl\u00e9kben l\u00e9v\u0151 k\u00e9perny\u0151\/monitor be\u00e1ll\u00edt\u00e1sainak elt\u00e9r\u00e9seib\u0151l ad\u00f3dnak. Ez\u00e9rt az Elad\u00f3 nem v\u00e1llal felel\u0151ss\u00e9get a Vev\u0151 k\u00e9sz\u00fcl\u00e9k\u00e9nek torz\u00edt\u00e1sai \u00e1ltal okozott sz\u00ednk\u00fcl\u00f6nbs\u00e9gek\u00e9rt, valamint az \u00e1ru hib\u00e1i\u00e9rt, amelyek az Elad\u00f3 hib\u00e1j\u00e1n k\u00edv\u00fcl keletkeztek. Az Elad\u00f3 felh\u00edvja tov\u00e1bb\u00e1 a figyelmet arra, hogy az internetes \u00e1ruh\u00e1z weboldal\u00e1n elhelyezett term\u00e9kfot\u00f3k mintak\u00e9pek, \u00e9s nem egy konkr\u00e9t egyedi term\u00e9kr\u0151l k\u00e9sz\u00fclt fot\u00f3k. Ez\u00e9rt lehets\u00e9ges az elt\u00e9r\u00e9sek megl\u00e9te.<span class=\"Apple-converted-space\"> <\/span><\/b><\/li>\n<li>A reklam\u00e1ci\u00f3 beny\u00fajt\u00e1sa \u00e9s a Term\u00e9k elk\u00fcld\u00e9se el\u0151tt a V\u00e1s\u00e1rl\u00f3t arra k\u00e9rj\u00fck, hogy a reklam\u00e1ci\u00f3s elj\u00e1r\u00e1s gyors\u00edt\u00e1sa \u00e9rdek\u00e9ben vegye fel a kapcsolatot az Elad\u00f3val telefonon vagy e-mailben.<\/li>\n<li>Az Elad\u00f3 v\u00e1llalja, hogy a reklam\u00e1ci\u00f3t a V\u00e1s\u00e1rl\u00f3 \u00e1ltal beny\u00fajtott reklam\u00e1ci\u00f3 beny\u00fajt\u00e1s\u00e1t\u00f3l sz\u00e1m\u00edtott 14 napon bel\u00fcl kivizsg\u00e1lja.<span class=\"Apple-converted-space\"> <\/span><\/li>\n<li>A reklam\u00e1ci\u00f3s elj\u00e1r\u00e1s eredm\u00e9ny\u00e9r\u0151l minden V\u00e1s\u00e1rl\u00f3t e-mailben vagy \u00edr\u00e1sban \u00e9rtes\u00edt\u00fcnk.<span class=\"Apple-converted-space\"> <\/span><\/li>\n<\/ol>\n<p><b>6. \u00a7. A SZERZ\u0150d\u00e9st\u0151l val\u00f3 ELMOND\u00c1S JOGA<\/b><\/p>\n<ol>\n<li>Minden V\u00e1s\u00e1rl\u00f3, az Art. A fogyaszt\u00f3i jogokr\u00f3l sz\u00f3l\u00f3 t\u00f6rv\u00e9ny 27. cikk\u00e9vel \u00f6sszhangban, ha a <b>Fogyaszt\u00f3 st\u00e1tusz\u00e1val rendelkezik, vagy olyan term\u00e9szetes szem\u00e9ly, aki k\u00f6zvetlen\u00fcl az \u00fczleti tev\u00e9kenys\u00e9g\u00e9hez kapcsol\u00f3d\u00f3an k\u00f6t szerz\u0151d\u00e9st, ha a szerz\u0151d\u00e9s tartalma arra utal, hogy a szerz\u0151d\u00e9s nem szakmai jelleg\u0171 az adott szem\u00e9ly sz\u00e1m\u00e1ra, ami k\u00fcl\u00f6n\u00f6sen az \u00fczleti tev\u00e9kenys\u00e9g\u00e9nek t\u00e1rgy\u00e1b\u00f3l ered, \u00e9s amely a k\u00f6zponti nyilv\u00e1ntart\u00e1s \u00e9s az \u00fczleti tev\u00e9kenys\u00e9gre vonatkoz\u00f3 inform\u00e1ci\u00f3k<\/b> rendelkez\u00e9sei alapj\u00e1n el\u00e9rhet\u0151v\u00e9 v\u00e1lt, joga van indokl\u00e1s n\u00e9lk\u00fcl el\u00e1llni a szerz\u0151d\u00e9st\u0151l a szerz\u0151d\u00e9s megk\u00f6t\u00e9s\u00e9t\u0151l vagy a term\u00e9k \u00e1tv\u00e9tel\u00e9t\u0151l sz\u00e1m\u00edtott 14 napos t\u00f6rv\u00e9nyes hat\u00e1rid\u0151n bel\u00fcl, att\u00f3l f\u00fcgg\u0151en, hogy a cselekm\u00e9nyek k\u00f6z\u00fcl melyik t\u00f6rt\u00e9nt k\u00e9s\u0151bb.<span class=\"Apple-converted-space\"> <\/span><\/li>\n<li>A fogyaszt\u00f3i jogokr\u00f3l sz\u00f3l\u00f3 t\u00f6rv\u00e9ny 38. cikke \u00e9rtelm\u00e9ben a pt. 1. pontban eml\u00edtett jogalany nem jogosult el\u00e1llni att\u00f3l a szerz\u0151d\u00e9st\u0151l, amelyben a rendelkez\u00e9s t\u00e1rgya <b>egy nem \u00fajragy\u00e1rtott dolog<\/b>, amelyet a fogyaszt\u00f3 specifik\u00e1ci\u00f3ja szerint gy\u00e1rtanak vagy <b>egy\u00e9ni ig\u00e9nyeinek kiel\u00e9g\u00edt\u00e9s\u00e9re szolg\u00e1l,<\/b> ami a web\u00e1ruh\u00e1zban \u00e9rt\u00e9kes\u00edtett bizonyos Term\u00e9kek, p\u00e9ld\u00e1ul a csig\u00e1k eset\u00e9ben fenn\u00e1ll.<span class=\"Apple-converted-space\"> <\/span><\/li>\n<li>Az el\u00e1ll\u00e1si jog gyakorl\u00e1s\u00e1hoz megfelel\u0151 sz\u00e1nd\u00e9knyilatkozatot kell tenni, amelyet a megv\u00e1s\u00e1rolt Term\u00e9kkel \u00e9s a Vev\u0151 azon banksz\u00e1ml\u00e1j\u00e1ra vonatkoz\u00f3 adatokkal egy\u00fctt kell elk\u00fcldeni az Elad\u00f3nak, amelyre a Term\u00e9k \u00e1r\u00e1t visszat\u00e9r\u00edtik.<span class=\"Apple-converted-space\"> <\/span><\/li>\n<li>A t\u00e1volr\u00f3l k\u00f6t\u00f6tt szerz\u0151d\u00e9st\u0151l val\u00f3 el\u00e1ll\u00e1si jog gyakorl\u00e1sa eset\u00e9n a Vev\u0151 viseli a Term\u00e9knek az Elad\u00f3hoz t\u00f6rt\u00e9n\u0151 visszak\u00fcld\u00e9s\u00e9nek k\u00f6lts\u00e9geit.<span class=\"Apple-converted-space\"> <\/span><\/li>\n<li>Az Elad\u00f3 mind az el\u00e1ll\u00e1si jog gyakorl\u00e1sa, mind az el\u00e1ll\u00e1si jogb\u00f3l ered\u0151 k\u00f6vetel\u00e9sek eset\u00e9n nem fogad el ut\u00e1nv\u00e9tellel feladott csomagokat.<span class=\"Apple-converted-space\"> <\/span><\/li>\n<li>A szerz\u0151d\u00e9st\u0151l val\u00f3 el\u00e1ll\u00e1si sz\u00e1nd\u00e9knyilatkozatot k\u00f6vet\u0151en a Term\u00e9k \u00e1r\u00e1t, valamint a term\u00e9k v\u00e1s\u00e1rl\u00e1sa sor\u00e1n felmer\u00fclt Term\u00e9k sz\u00e1ll\u00edt\u00e1si k\u00f6lts\u00e9g\u00e9t az Elad\u00f3 aj\u00e1nlat\u00e1ban el\u00e9rhet\u0151 legolcs\u00f3bb sz\u00e1ll\u00edt\u00e1si lehet\u0151s\u00e9gnek megfelel\u0151 \u00f6sszeg erej\u00e9ig 14 napon bel\u00fcl, de legkor\u00e1bban a term\u00e9k \u00e1tv\u00e9tele el\u0151tt visszat\u00e9r\u00edti a Vev\u0151nek.<\/li>\n<\/ol>\n<p><b>7. \u00a7. Z\u00c1R\u00d3 RENDELKEZ\u00c9SEK<\/b><\/p>\n<ol>\n<li><b>A nem szab\u00e1lyozott k\u00e9rd\u00e9sekben az \u00e1ltal\u00e1nosan alkalmazand\u00f3 lengyel jog vonatkoz\u00f3 rendelkez\u00e9sei az ir\u00e1nyad\u00f3ak.<\/b><\/li>\n<li>Minden, a 6. \u00a7 1. pontj\u00e1ban eml\u00edtett st\u00e1tusszal rendelkez\u0151 Vev\u0151. jogosult ig\u00e9nybe venni a peren k\u00edv\u00fcli panasz- \u00e9s jogorvoslati elj\u00e1r\u00e1sokat, mint p\u00e9ld\u00e1ul:\n<ol>\n<li>\u00e1lland\u00f3 b\u00e9k\u00e9s fogyaszt\u00f3v\u00e9delmi b\u00edr\u00f3s\u00e1g, ahol a megk\u00f6t\u00f6tt ad\u00e1sv\u00e9teli szerz\u0151d\u00e9sb\u0151l ered\u0151 jogvita rendez\u00e9s\u00e9t lehet k\u00e9rni,<span class=\"Apple-converted-space\"> <\/span><\/li>\n<li>ker\u00fcleti vagy \u00f6nkorm\u00e1nyzati fogyaszt\u00f3i jogokkal foglalkoz\u00f3 ombudsman vagy olyan t\u00e1rsadalmi szervezetek, amelyeknek t\u00f6rv\u00e9nyes feladatai k\u00f6z\u00e9 tartozik a fogyaszt\u00f3i jogok v\u00e9delme.<\/li>\n<\/ol>\n<\/li>\n<li>A http:\/\/ec.europa.eu\/consumers\/odr c\u00edmen el\u00e9rhet\u0151 a fogyaszt\u00f3k \u00e9s v\u00e1llalkoz\u00f3k k\u00f6z\u00f6tti vitarendez\u00e9s internetes rendszer\u00e9nek uni\u00f3s szint\u0171 platformja (ODR platform). Az ODR-platform egy interakt\u00edv \u00e9s t\u00f6bbnyelv\u0171 weboldal, amely egyablakos \u00fcgyint\u00e9z\u00e9si lehet\u0151s\u00e9get biztos\u00edt a fogyaszt\u00f3k \u00e9s a v\u00e1llalkoz\u00e1sok sz\u00e1m\u00e1ra, akik az online ad\u00e1sv\u00e9teli szerz\u0151d\u00e9sb\u0151l vagy szolg\u00e1ltat\u00e1si szerz\u0151d\u00e9sb\u0151l ered\u0151 szerz\u0151d\u00e9ses k\u00f6telezetts\u00e9gekkel kapcsolatos vit\u00e1k b\u00edr\u00f3s\u00e1gon k\u00edv\u00fcli rendez\u00e9s\u00e9t keresik.<\/li>\n<li>A jelen \u00c1ltal\u00e1nos Szerz\u0151d\u00e9si Felt\u00e9telek a mell\u00e9kletekkel egy\u00fctt az Elad\u00f3 \u00e9s a Vev\u0151 \u00e1ltal k\u00f6t\u00f6tt Szerz\u0151d\u00e9s szerves r\u00e9sz\u00e9t k\u00e9pezik.<span class=\"Apple-converted-space\"> <\/span><\/li>\n<li>A jelen \u00c1ltal\u00e1nos Szerz\u0151d\u00e9si Felt\u00e9telek 2024. augusztus 26-t\u00f3l tov\u00e1bbi \u00e9rtes\u00edt\u00e9sig \u00e9rv\u00e9nyesek.<\/li>\n<\/ol>\n","protected":false},"excerpt":{"rendered":"<p>Tisztelt V\u00e1s\u00e1rl\u00f3ink, az Internetes \u00dczlet\u00fcnk \u00e1ltal ny\u00fajtott szolg\u00e1ltat\u00e1sok min\u0151s\u00e9g\u00e9re \u00fcgyelve elk\u00e9sz\u00edtett\u00fck a www.megapets.eu domain c\u00edmen tal\u00e1lhat\u00f3 MegaPets Internetes \u00dczlet haszn\u00e1lat\u00e1ra vonatkoz\u00f3 Szab\u00e1lyzatot, a tov\u00e1bbiakban &#8222;Szab\u00e1lyzat\u201e. A Szab\u00e1lyzat tartalmazza az Internetes \u00dczlet m\u0171k\u00f6d\u00e9s\u00e9re vonatkoz\u00f3 szab\u00e1lyokat \u00e9s az Elad\u00f3 \u00e1ltal k\u00edn\u00e1lt term\u00e9kek \u00e9s \u00e1llatok Internetes \u00dczletben t\u00f6rt\u00e9n\u0151 megrendel\u00e9s\u00e9hez sz\u00fcks\u00e9ges inform\u00e1ci\u00f3kat. Tekintettel arra, hogy a jelen web\u00e1ruh\u00e1zban az [&hellip;]<\/p>\n","protected":false},"author":4,"featured_media":0,"parent":0,"menu_order":0,"comment_status":"closed","ping_status":"closed","template":"","meta":{"_acf_changed":false,"footnotes":"","_links_to":"","_links_to_target":""},"class_list":["post-8438","page","type-page","status-publish","hentry"],"acf":[],"yoast_head":"<!-- This site is optimized with the Yoast SEO plugin v24.9 - https:\/\/yoast.com\/wordpress\/plugins\/seo\/ -->\n<title>Szab\u00e1lyzat | MegaPets<\/title>\n<meta name=\"robots\" content=\"index, follow, max-snippet:-1, max-image-preview:large, max-video-preview:-1\" \/>\n<link rel=\"canonical\" href=\"https:\/\/megapets.eu\/hu\/szabalyzat\/\" \/>\n<meta property=\"og:locale\" content=\"hu_HU\" \/>\n<meta property=\"og:type\" content=\"article\" \/>\n<meta property=\"og:title\" content=\"Szab\u00e1lyzat | MegaPets\" \/>\n<meta property=\"og:description\" content=\"Tisztelt V\u00e1s\u00e1rl\u00f3ink, az Internetes \u00dczlet\u00fcnk \u00e1ltal ny\u00fajtott szolg\u00e1ltat\u00e1sok min\u0151s\u00e9g\u00e9re \u00fcgyelve elk\u00e9sz\u00edtett\u00fck a www.megapets.eu domain c\u00edmen tal\u00e1lhat\u00f3 MegaPets Internetes \u00dczlet haszn\u00e1lat\u00e1ra vonatkoz\u00f3 Szab\u00e1lyzatot, a tov\u00e1bbiakban &#8222;Szab\u00e1lyzat\u201e. A Szab\u00e1lyzat tartalmazza az Internetes \u00dczlet m\u0171k\u00f6d\u00e9s\u00e9re vonatkoz\u00f3 szab\u00e1lyokat \u00e9s az Elad\u00f3 \u00e1ltal k\u00edn\u00e1lt term\u00e9kek \u00e9s \u00e1llatok Internetes \u00dczletben t\u00f6rt\u00e9n\u0151 megrendel\u00e9s\u00e9hez sz\u00fcks\u00e9ges inform\u00e1ci\u00f3kat. Tekintettel arra, hogy a jelen web\u00e1ruh\u00e1zban az [&hellip;]\" \/>\n<meta property=\"og:url\" content=\"https:\/\/megapets.eu\/hu\/szabalyzat\/\" \/>\n<meta property=\"og:site_name\" content=\"MegaPets\" \/>\n<meta property=\"article:publisher\" content=\"https:\/\/www.facebook.com\/MegaPets.eu\/\" \/>\n<meta property=\"article:modified_time\" content=\"2025-06-25T07:52:02+00:00\" \/>\n<meta property=\"og:image\" content=\"https:\/\/megapets.eu\/wp-content\/uploads\/2025\/04\/megapets_eu-info-scaled.png\" \/>\n\t<meta property=\"og:image:width\" content=\"2560\" \/>\n\t<meta property=\"og:image:height\" content=\"1735\" \/>\n\t<meta property=\"og:image:type\" content=\"image\/png\" \/>\n<meta name=\"twitter:card\" content=\"summary_large_image\" \/>\n<meta name=\"twitter:label1\" content=\"Becs\u00fclt olvas\u00e1si id\u0151\" \/>\n\t<meta name=\"twitter:data1\" content=\"15 perc\" \/>\n<script type=\"application\/ld+json\" class=\"yoast-schema-graph\">{\"@context\":\"https:\/\/schema.org\",\"@graph\":[{\"@type\":\"WebPage\",\"@id\":\"https:\/\/megapets.eu\/hu\/szabalyzat\/\",\"url\":\"https:\/\/megapets.eu\/hu\/szabalyzat\/\",\"name\":\"Szab\u00e1lyzat | MegaPets\",\"isPartOf\":{\"@id\":\"https:\/\/megapets.eu\/hu\/#website\"},\"datePublished\":\"2023-02-10T14:50:18+00:00\",\"dateModified\":\"2025-06-25T07:52:02+00:00\",\"breadcrumb\":{\"@id\":\"https:\/\/megapets.eu\/hu\/szabalyzat\/#breadcrumb\"},\"inLanguage\":\"hu\",\"potentialAction\":[{\"@type\":\"ReadAction\",\"target\":[\"https:\/\/megapets.eu\/hu\/szabalyzat\/\"]}]},{\"@type\":\"BreadcrumbList\",\"@id\":\"https:\/\/megapets.eu\/hu\/szabalyzat\/#breadcrumb\",\"itemListElement\":[{\"@type\":\"ListItem\",\"position\":1,\"name\":\"Strona g\u0142\u00f3wna\",\"item\":\"https:\/\/megapets.eu\/hu\/\"},{\"@type\":\"ListItem\",\"position\":2,\"name\":\"Szab\u00e1lyzat\"}]},{\"@type\":\"WebSite\",\"@id\":\"https:\/\/megapets.eu\/hu\/#website\",\"url\":\"https:\/\/megapets.eu\/hu\/\",\"name\":\"Mega Pets\",\"description\":\"Jedna z najwi\u0119kszych hodowli \u015blimak\u00f3w w Europie\",\"publisher\":{\"@id\":\"https:\/\/megapets.eu\/hu\/#organization\"},\"alternateName\":\"Mega Pets\",\"potentialAction\":[{\"@type\":\"SearchAction\",\"target\":{\"@type\":\"EntryPoint\",\"urlTemplate\":\"https:\/\/megapets.eu\/hu\/?s={search_term_string}\"},\"query-input\":{\"@type\":\"PropertyValueSpecification\",\"valueRequired\":true,\"valueName\":\"search_term_string\"}}],\"inLanguage\":\"hu\"},{\"@type\":\"Organization\",\"@id\":\"https:\/\/megapets.eu\/hu\/#organization\",\"name\":\"Mega Pets\",\"url\":\"https:\/\/megapets.eu\/hu\/\",\"logo\":{\"@type\":\"ImageObject\",\"inLanguage\":\"hu\",\"@id\":\"https:\/\/megapets.eu\/hu\/#\/schema\/logo\/image\/\",\"url\":\"https:\/\/megapets.eu\/wp-content\/uploads\/2025\/04\/megapets_eu-logo.png\",\"contentUrl\":\"https:\/\/megapets.eu\/wp-content\/uploads\/2025\/04\/megapets_eu-logo.png\",\"width\":2362,\"height\":2362,\"caption\":\"Mega Pets\"},\"image\":{\"@id\":\"https:\/\/megapets.eu\/hu\/#\/schema\/logo\/image\/\"},\"sameAs\":[\"https:\/\/www.facebook.com\/MegaPets.eu\/\"]}]}<\/script>\n<!-- \/ Yoast SEO plugin. -->","yoast_head_json":{"title":"Szab\u00e1lyzat | MegaPets","robots":{"index":"index","follow":"follow","max-snippet":"max-snippet:-1","max-image-preview":"max-image-preview:large","max-video-preview":"max-video-preview:-1"},"canonical":"https:\/\/megapets.eu\/hu\/szabalyzat\/","og_locale":"hu_HU","og_type":"article","og_title":"Szab\u00e1lyzat | MegaPets","og_description":"Tisztelt V\u00e1s\u00e1rl\u00f3ink, az Internetes \u00dczlet\u00fcnk \u00e1ltal ny\u00fajtott szolg\u00e1ltat\u00e1sok min\u0151s\u00e9g\u00e9re \u00fcgyelve elk\u00e9sz\u00edtett\u00fck a www.megapets.eu domain c\u00edmen tal\u00e1lhat\u00f3 MegaPets Internetes \u00dczlet haszn\u00e1lat\u00e1ra vonatkoz\u00f3 Szab\u00e1lyzatot, a tov\u00e1bbiakban &#8222;Szab\u00e1lyzat\u201e. A Szab\u00e1lyzat tartalmazza az Internetes \u00dczlet m\u0171k\u00f6d\u00e9s\u00e9re vonatkoz\u00f3 szab\u00e1lyokat \u00e9s az Elad\u00f3 \u00e1ltal k\u00edn\u00e1lt term\u00e9kek \u00e9s \u00e1llatok Internetes \u00dczletben t\u00f6rt\u00e9n\u0151 megrendel\u00e9s\u00e9hez sz\u00fcks\u00e9ges inform\u00e1ci\u00f3kat. Tekintettel arra, hogy a jelen web\u00e1ruh\u00e1zban az [&hellip;]","og_url":"https:\/\/megapets.eu\/hu\/szabalyzat\/","og_site_name":"MegaPets","article_publisher":"https:\/\/www.facebook.com\/MegaPets.eu\/","article_modified_time":"2025-06-25T07:52:02+00:00","og_image":[{"width":2560,"height":1735,"url":"https:\/\/megapets.eu\/wp-content\/uploads\/2025\/04\/megapets_eu-info-scaled.png","type":"image\/png"}],"twitter_card":"summary_large_image","twitter_misc":{"Becs\u00fclt olvas\u00e1si id\u0151":"15 perc"},"schema":{"@context":"https:\/\/schema.org","@graph":[{"@type":"WebPage","@id":"https:\/\/megapets.eu\/hu\/szabalyzat\/","url":"https:\/\/megapets.eu\/hu\/szabalyzat\/","name":"Szab\u00e1lyzat | MegaPets","isPartOf":{"@id":"https:\/\/megapets.eu\/hu\/#website"},"datePublished":"2023-02-10T14:50:18+00:00","dateModified":"2025-06-25T07:52:02+00:00","breadcrumb":{"@id":"https:\/\/megapets.eu\/hu\/szabalyzat\/#breadcrumb"},"inLanguage":"hu","potentialAction":[{"@type":"ReadAction","target":["https:\/\/megapets.eu\/hu\/szabalyzat\/"]}]},{"@type":"BreadcrumbList","@id":"https:\/\/megapets.eu\/hu\/szabalyzat\/#breadcrumb","itemListElement":[{"@type":"ListItem","position":1,"name":"Strona g\u0142\u00f3wna","item":"https:\/\/megapets.eu\/hu\/"},{"@type":"ListItem","position":2,"name":"Szab\u00e1lyzat"}]},{"@type":"WebSite","@id":"https:\/\/megapets.eu\/hu\/#website","url":"https:\/\/megapets.eu\/hu\/","name":"Mega Pets","description":"Jedna z najwi\u0119kszych hodowli \u015blimak\u00f3w w Europie","publisher":{"@id":"https:\/\/megapets.eu\/hu\/#organization"},"alternateName":"Mega Pets","potentialAction":[{"@type":"SearchAction","target":{"@type":"EntryPoint","urlTemplate":"https:\/\/megapets.eu\/hu\/?s={search_term_string}"},"query-input":{"@type":"PropertyValueSpecification","valueRequired":true,"valueName":"search_term_string"}}],"inLanguage":"hu"},{"@type":"Organization","@id":"https:\/\/megapets.eu\/hu\/#organization","name":"Mega Pets","url":"https:\/\/megapets.eu\/hu\/","logo":{"@type":"ImageObject","inLanguage":"hu","@id":"https:\/\/megapets.eu\/hu\/#\/schema\/logo\/image\/","url":"https:\/\/megapets.eu\/wp-content\/uploads\/2025\/04\/megapets_eu-logo.png","contentUrl":"https:\/\/megapets.eu\/wp-content\/uploads\/2025\/04\/megapets_eu-logo.png","width":2362,"height":2362,"caption":"Mega Pets"},"image":{"@id":"https:\/\/megapets.eu\/hu\/#\/schema\/logo\/image\/"},"sameAs":["https:\/\/www.facebook.com\/MegaPets.eu\/"]}]}},"_links":{"self":[{"href":"https:\/\/megapets.eu\/hu\/wp-json\/wp\/v2\/pages\/8438","targetHints":{"allow":["GET"]}}],"collection":[{"href":"https:\/\/megapets.eu\/hu\/wp-json\/wp\/v2\/pages"}],"about":[{"href":"https:\/\/megapets.eu\/hu\/wp-json\/wp\/v2\/types\/page"}],"author":[{"embeddable":true,"href":"https:\/\/megapets.eu\/hu\/wp-json\/wp\/v2\/users\/4"}],"replies":[{"embeddable":true,"href":"https:\/\/megapets.eu\/hu\/wp-json\/wp\/v2\/comments?post=8438"}],"version-history":[{"count":1,"href":"https:\/\/megapets.eu\/hu\/wp-json\/wp\/v2\/pages\/8438\/revisions"}],"predecessor-version":[{"id":8533,"href":"https:\/\/megapets.eu\/hu\/wp-json\/wp\/v2\/pages\/8438\/revisions\/8533"}],"wp:attachment":[{"href":"https:\/\/megapets.eu\/hu\/wp-json\/wp\/v2\/media?parent=8438"}],"curies":[{"name":"wp","href":"https:\/\/api.w.org\/{rel}","templated":true}]}}